{"id":266,"date":"2020-03-05T16:09:54","date_gmt":"2020-03-05T15:09:54","guid":{"rendered":"http:\/\/poftqyc.cluster028.hosting.ovh.net\/?page_id=266"},"modified":"2020-12-15T19:02:52","modified_gmt":"2020-12-15T18:02:52","slug":"concept-valeurs","status":"publish","type":"page","link":"https:\/\/www.maison-aubepine.fr\/index.php\/concept-valeurs\/","title":{"rendered":"Concept et valeurs"},"content":{"rendered":"\t\t<div data-elementor-type=\"wp-page\" data-elementor-id=\"266\" class=\"elementor elementor-266\">\n\t\t\t\t\t\t<section class=\"elementor-section elementor-top-section elementor-element elementor-element-bba0f35 elementor-section-boxed elementor-section-height-default elementor-section-height-default\" data-id=\"bba0f35\" data-element_type=\"section\" data-e-type=\"section\">\n\t\t\t\t\t\t<div class=\"elementor-container elementor-column-gap-default\">\n\t\t\t\t\t<div class=\"elementor-column elementor-col-50 elementor-top-column elementor-element elementor-element-9e9f074\" data-id=\"9e9f074\" data-element_type=\"column\" data-e-type=\"column\">\n\t\t\t<div class=\"elementor-widget-wrap elementor-element-populated\">\n\t\t\t\t\t\t<div class=\"elementor-element elementor-element-9cf52ea elementor-widget elementor-widget-heading\" data-id=\"9cf52ea\" data-element_type=\"widget\" data-e-type=\"widget\" data-widget_type=\"heading.default\">\n\t\t\t\t<div class=\"elementor-widget-container\">\n\t\t\t\t\t<h2 class=\"elementor-heading-title elementor-size-large\">Micro-restaurant<\/h2>\t\t\t\t<\/div>\n\t\t\t\t<\/div>\n\t\t\t\t<div class=\"elementor-element elementor-element-50f1417 elementor-widget elementor-widget-text-editor\" data-id=\"50f1417\" data-element_type=\"widget\" data-e-type=\"widget\" data-widget_type=\"text-editor.default\">\n\t\t\t\t<div class=\"elementor-widget-container\">\n\t\t\t\t\t\t\t\t\t<p>C\u2019est un restaurant de faible capacit\u00e9 &#8211; <b>une douzaine de couverts<\/b> &#8211; qui permet une cuisine r\u00e9alis\u00e9e en toute <b>transparence<\/b>, \u00e0 la vue du client. Un cadre chaleureux, moderne et accueillant o\u00f9 le cuisinier aura le plaisir d\u2019accueillir le client, de lui pr\u00e9senter sa d\u00e9marche et de lui servir les plats qu\u2019il aura pr\u00e9par\u00e9s. Bref, c\u2019est un <b>restaurant d\u2019\u00e9changes<\/b> !<\/p>\t\t\t\t\t\t\t\t<\/div>\n\t\t\t\t<\/div>\n\t\t\t\t\t<\/div>\n\t\t<\/div>\n\t\t\t\t<div class=\"elementor-column elementor-col-50 elementor-top-column elementor-element elementor-element-36bc8e1\" data-id=\"36bc8e1\" data-element_type=\"column\" data-e-type=\"column\">\n\t\t\t<div class=\"elementor-widget-wrap elementor-element-populated\">\n\t\t\t\t\t\t<div class=\"elementor-element elementor-element-1105b9d elementor-widget elementor-widget-heading\" data-id=\"1105b9d\" data-element_type=\"widget\" data-e-type=\"widget\" data-widget_type=\"heading.default\">\n\t\t\t\t<div class=\"elementor-widget-container\">\n\t\t\t\t\t<h2 class=\"elementor-heading-title elementor-size-large\">Slow Food<\/h2>\t\t\t\t<\/div>\n\t\t\t\t<\/div>\n\t\t\t\t<div class=\"elementor-element elementor-element-1734b4b elementor-widget elementor-widget-text-editor\" data-id=\"1734b4b\" data-element_type=\"widget\" data-e-type=\"widget\" data-widget_type=\"text-editor.default\">\n\t\t\t\t<div class=\"elementor-widget-container\">\n\t\t\t\t\t\t\t\t\t<p>Le mouvement <b>\u00ab slow food \u00bb<\/b> se bat contre l\u2019uniformisation du go\u00fbt avec pour objectif de r\u00e9concilier plaisir et \u00e9thique. Les notions de sauvegarde de la biodiversit\u00e9, de pr\u00e9servation de l\u2019environnement, de la sant\u00e9 humaine et du bien-\u00eatre animal ainsi que la juste r\u00e9mun\u00e9ration des producteurs sont devenues essentielles.<br \/><b>Un aliment doit \u00eatre \u00ab bon, propre et sain \u00bb<\/b>. <b>C&rsquo;est pour cela que notre Micro-Restaurant est <a href=\"http:\/\/certificat.ecocert.com\/client.php?id=200D82FC-B4B1-435C-9FDA-3C712639C8E8\" target=\"_blank\" rel=\"noopener\">certifi\u00e9 Agriculture Biologique par Ecocert<\/a> !<\/b><\/p>\t\t\t\t\t\t\t\t<\/div>\n\t\t\t\t<\/div>\n\t\t\t\t\t<\/div>\n\t\t<\/div>\n\t\t\t\t\t<\/div>\n\t\t<\/section>\n\t\t\t\t<section class=\"elementor-section elementor-top-section elementor-element elementor-element-d7276d4 elementor-section-boxed elementor-section-height-default elementor-section-height-default\" data-id=\"d7276d4\" data-element_type=\"section\" data-e-type=\"section\">\n\t\t\t\t\t\t<div class=\"elementor-container elementor-column-gap-default\">\n\t\t\t\t\t<div class=\"elementor-column elementor-col-33 elementor-top-column elementor-element elementor-element-35bfa37\" data-id=\"35bfa37\" data-element_type=\"column\" data-e-type=\"column\">\n\t\t\t<div class=\"elementor-widget-wrap elementor-element-populated\">\n\t\t\t\t\t\t<div class=\"elementor-element elementor-element-a6a8837 elementor-widget elementor-widget-image\" data-id=\"a6a8837\" data-element_type=\"widget\" data-e-type=\"widget\" data-widget_type=\"image.default\">\n\t\t\t\t<div class=\"elementor-widget-container\">\n\t\t\t\t\t\t\t\t\t\t\t\t\t\t\t<img fetchpriority=\"high\" decoding=\"async\" width=\"1024\" height=\"683\" src=\"https:\/\/www.maison-aubepine.fr\/wp-content\/uploads\/2020\/09\/MaisonAubepine20200821-30a.jpg\" class=\"attachment-large size-large wp-image-1029\" alt=\"\" srcset=\"https:\/\/www.maison-aubepine.fr\/wp-content\/uploads\/2020\/09\/MaisonAubepine20200821-30a.jpg 1024w, https:\/\/www.maison-aubepine.fr\/wp-content\/uploads\/2020\/09\/MaisonAubepine20200821-30a-300x200.jpg 300w, https:\/\/www.maison-aubepine.fr\/wp-content\/uploads\/2020\/09\/MaisonAubepine20200821-30a-768x512.jpg 768w\" sizes=\"(max-width: 1024px) 100vw, 1024px\" \/>\t\t\t\t\t\t\t\t\t\t\t\t\t\t\t<\/div>\n\t\t\t\t<\/div>\n\t\t\t\t\t<\/div>\n\t\t<\/div>\n\t\t\t\t<div class=\"elementor-column elementor-col-33 elementor-top-column elementor-element elementor-element-f96c825\" data-id=\"f96c825\" data-element_type=\"column\" data-e-type=\"column\">\n\t\t\t<div class=\"elementor-widget-wrap elementor-element-populated\">\n\t\t\t\t\t\t<div class=\"elementor-element elementor-element-9ae0038 elementor-widget elementor-widget-image\" data-id=\"9ae0038\" data-element_type=\"widget\" data-e-type=\"widget\" data-widget_type=\"image.default\">\n\t\t\t\t<div class=\"elementor-widget-container\">\n\t\t\t\t\t\t\t\t\t\t\t\t\t\t\t<img decoding=\"async\" width=\"1024\" height=\"683\" src=\"https:\/\/www.maison-aubepine.fr\/wp-content\/uploads\/2020\/09\/MaisonAubepine20200821-20.jpg\" class=\"attachment-large size-large wp-image-1046\" alt=\"\" srcset=\"https:\/\/www.maison-aubepine.fr\/wp-content\/uploads\/2020\/09\/MaisonAubepine20200821-20.jpg 1024w, https:\/\/www.maison-aubepine.fr\/wp-content\/uploads\/2020\/09\/MaisonAubepine20200821-20-300x200.jpg 300w, https:\/\/www.maison-aubepine.fr\/wp-content\/uploads\/2020\/09\/MaisonAubepine20200821-20-768x512.jpg 768w\" sizes=\"(max-width: 1024px) 100vw, 1024px\" \/>\t\t\t\t\t\t\t\t\t\t\t\t\t\t\t<\/div>\n\t\t\t\t<\/div>\n\t\t\t\t\t<\/div>\n\t\t<\/div>\n\t\t\t\t<div class=\"elementor-column elementor-col-33 elementor-top-column elementor-element elementor-element-e423d80\" data-id=\"e423d80\" data-element_type=\"column\" data-e-type=\"column\">\n\t\t\t<div class=\"elementor-widget-wrap elementor-element-populated\">\n\t\t\t\t\t\t<div class=\"elementor-element elementor-element-fffc5b8 elementor-widget elementor-widget-image\" data-id=\"fffc5b8\" data-element_type=\"widget\" data-e-type=\"widget\" data-widget_type=\"image.default\">\n\t\t\t\t<div class=\"elementor-widget-container\">\n\t\t\t\t\t\t\t\t\t\t\t\t\t\t\t<img decoding=\"async\" width=\"1024\" height=\"683\" src=\"https:\/\/www.maison-aubepine.fr\/wp-content\/uploads\/2020\/09\/MaisonAubepine20200821-58.jpg\" class=\"attachment-large size-large wp-image-1010\" alt=\"\" srcset=\"https:\/\/www.maison-aubepine.fr\/wp-content\/uploads\/2020\/09\/MaisonAubepine20200821-58.jpg 1024w, https:\/\/www.maison-aubepine.fr\/wp-content\/uploads\/2020\/09\/MaisonAubepine20200821-58-300x200.jpg 300w, https:\/\/www.maison-aubepine.fr\/wp-content\/uploads\/2020\/09\/MaisonAubepine20200821-58-768x512.jpg 768w\" sizes=\"(max-width: 1024px) 100vw, 1024px\" \/>\t\t\t\t\t\t\t\t\t\t\t\t\t\t\t<\/div>\n\t\t\t\t<\/div>\n\t\t\t\t\t<\/div>\n\t\t<\/div>\n\t\t\t\t\t<\/div>\n\t\t<\/section>\n\t\t\t\t<section class=\"elementor-section elementor-top-section elementor-element elementor-element-e0f8dca elementor-section-boxed elementor-section-height-default elementor-section-height-default\" data-id=\"e0f8dca\" data-element_type=\"section\" data-e-type=\"section\">\n\t\t\t\t\t\t<div class=\"elementor-container elementor-column-gap-default\">\n\t\t\t\t\t<div class=\"elementor-column elementor-col-100 elementor-top-column elementor-element elementor-element-19ac051\" data-id=\"19ac051\" data-element_type=\"column\" data-e-type=\"column\">\n\t\t\t<div class=\"elementor-widget-wrap elementor-element-populated\">\n\t\t\t\t\t\t<div class=\"elementor-element elementor-element-1b51050 elementor-widget elementor-widget-text-editor\" data-id=\"1b51050\" data-element_type=\"widget\" data-e-type=\"widget\" data-widget_type=\"text-editor.default\">\n\t\t\t\t<div class=\"elementor-widget-container\">\n\t\t\t\t\t\t\t\t\t<p>\u00a9 Photo Caroline Dejonghe<\/p>\t\t\t\t\t\t\t\t<\/div>\n\t\t\t\t<\/div>\n\t\t\t\t<div class=\"elementor-element elementor-element-930b5ff elementor-widget elementor-widget-testimonial\" data-id=\"930b5ff\" data-element_type=\"widget\" data-e-type=\"widget\" data-widget_type=\"testimonial.default\">\n\t\t\t\t<div class=\"elementor-widget-container\">\n\t\t\t\t\t\t\t<div class=\"elementor-testimonial-wrapper\">\n\t\t\t\t\t\t\t<div class=\"elementor-testimonial-content\">\u00ab Je suis convaincu que se nourrir naturellement est l'expression de notre \nart de vivre. \nSe r\u00e9approprier le choix de son alimentation \n(agriculture paysanne, locale, transformation de qualit\u00e9) est devenu essentiel et permet de prendre soin de la plan\u00e8te et de nous-m\u00eames.\nC\u2019est l\u2019ensemble de ces valeurs que j\u2019ai \u00e0 c\u0153ur de partager avec \nvous : du fait maison, issu de producteurs locaux d\u00e8s que possible et donc forc\u00e9ment de saison.\nLa restauration ce n\u2019est pas que l\u2019assiette, c\u2019est \u00e9galement\nmieux g\u00e9rer ses d\u00e9chets, ses ressources (eau, gaz, \u00e9lectricit\u00e9) et lutter contre le gaspillage alimentaire\u2026 \u00bb<\/div>\n\t\t\t\n\t\t\t\t\t\t<div class=\"elementor-testimonial-meta elementor-has-image elementor-testimonial-image-position-aside\">\n\t\t\t\t<div class=\"elementor-testimonial-meta-inner\">\n\t\t\t\t\t\t\t\t\t\t\t<div class=\"elementor-testimonial-image\">\n\t\t\t\t\t\t\t<img loading=\"lazy\" decoding=\"async\" width=\"1920\" height=\"2560\" src=\"https:\/\/www.maison-aubepine.fr\/wp-content\/uploads\/2020\/01\/20190617_161352_bis-scaled.jpg\" class=\"attachment-full size-full wp-image-50\" alt=\"Simon THIEFFRY\" srcset=\"https:\/\/www.maison-aubepine.fr\/wp-content\/uploads\/2020\/01\/20190617_161352_bis-scaled.jpg 1920w, https:\/\/www.maison-aubepine.fr\/wp-content\/uploads\/2020\/01\/20190617_161352_bis-225x300.jpg 225w, https:\/\/www.maison-aubepine.fr\/wp-content\/uploads\/2020\/01\/20190617_161352_bis-768x1024.jpg 768w, https:\/\/www.maison-aubepine.fr\/wp-content\/uploads\/2020\/01\/20190617_161352_bis-1152x1536.jpg 1152w, https:\/\/www.maison-aubepine.fr\/wp-content\/uploads\/2020\/01\/20190617_161352_bis-1536x2048.jpg 1536w\" sizes=\"(max-width: 1920px) 100vw, 1920px\" \/>\t\t\t\t\t\t<\/div>\n\t\t\t\t\t\n\t\t\t\t\t\t\t\t\t\t<div class=\"elementor-testimonial-details\">\n\t\t\t\t\t\t\t\t\t\t\t\t\t\t<div class=\"elementor-testimonial-name\">Simon<\/div>\n\t\t\t\t\t\t\t\t\t\t\t\t\t\t\t\t\t\t\t\t\t\t<div class=\"elementor-testimonial-job\">G\u00e9rant Aub\u00e9pine<\/div>\n\t\t\t\t\t\t\t\t\t\t\t\t\t<\/div>\n\t\t\t\t\t\t\t\t\t<\/div>\n\t\t\t<\/div>\n\t\t\t\t\t<\/div>\n\t\t\t\t\t\t<\/div>\n\t\t\t\t<\/div>\n\t\t\t\t\t<\/div>\n\t\t<\/div>\n\t\t\t\t\t<\/div>\n\t\t<\/section>\n\t\t\t\t<\/div>\n\t\t","protected":false},"excerpt":{"rendered":"<p>Micro-restaurant C\u2019est un restaurant de faible capacit\u00e9 &#8211; une douzaine de couverts &#8211; qui permet une cuisine r\u00e9alis\u00e9e en toute transparence, \u00e0 la vue du client. Un cadre chaleureux, moderne et accueillant o\u00f9 le cuisinier aura le plaisir d\u2019accueillir le client, de lui pr\u00e9senter sa d\u00e9marche et de lui servir les plats qu\u2019il aura pr\u00e9par\u00e9s. [&hellip;]<\/p>\n","protected":false},"author":1,"featured_media":192,"parent":0,"menu_order":0,"comment_status":"closed","ping_status":"closed","template":"","meta":{"ocean_post_layout":"","ocean_both_sidebars_style":"","ocean_both_sidebars_content_width":0,"ocean_both_sidebars_sidebars_width":0,"ocean_sidebar":"0","ocean_second_sidebar":"0","ocean_disable_margins":"enable","ocean_add_body_class":"","ocean_shortcode_before_top_bar":"","ocean_shortcode_after_top_bar":"","ocean_shortcode_before_header":"","ocean_shortcode_after_header":"","ocean_has_shortcode":"","ocean_shortcode_after_title":"","ocean_shortcode_before_footer_widgets":"","ocean_shortcode_after_footer_widgets":"","ocean_shortcode_before_footer_bottom":"","ocean_shortcode_after_footer_bottom":"","ocean_display_top_bar":"default","ocean_display_header":"default","ocean_header_style":"","ocean_center_header_left_menu":"0","ocean_custom_header_template":"0","ocean_custom_logo":0,"ocean_custom_retina_logo":0,"ocean_custom_logo_max_width":0,"ocean_custom_logo_tablet_max_width":0,"ocean_custom_logo_mobile_max_width":0,"ocean_custom_logo_max_height":0,"ocean_custom_logo_tablet_max_height":0,"ocean_custom_logo_mobile_max_height":0,"ocean_header_custom_menu":"0","ocean_menu_typo_font_family":"0","ocean_menu_typo_font_subset":"","ocean_menu_typo_font_size":0,"ocean_menu_typo_font_size_tablet":0,"ocean_menu_typo_font_size_mobile":0,"ocean_menu_typo_font_size_unit":"px","ocean_menu_typo_font_weight":"","ocean_menu_typo_font_weight_tablet":"","ocean_menu_typo_font_weight_mobile":"","ocean_menu_typo_transform":"","ocean_menu_typo_transform_tablet":"","ocean_menu_typo_transform_mobile":"","ocean_menu_typo_line_height":0,"ocean_menu_typo_line_height_tablet":0,"ocean_menu_typo_line_height_mobile":0,"ocean_menu_typo_line_height_unit":"","ocean_menu_typo_spacing":0,"ocean_menu_typo_spacing_tablet":0,"ocean_menu_typo_spacing_mobile":0,"ocean_menu_typo_spacing_unit":"","ocean_menu_link_color":"","ocean_menu_link_color_hover":"","ocean_menu_link_color_active":"","ocean_menu_link_background":"","ocean_menu_link_hover_background":"","ocean_menu_link_active_background":"","ocean_menu_social_links_bg":"","ocean_menu_social_hover_links_bg":"","ocean_menu_social_links_color":"","ocean_menu_social_hover_links_color":"","ocean_disable_title":"default","ocean_disable_heading":"default","ocean_post_title":"","ocean_post_subheading":"","ocean_post_title_style":"background-image","ocean_post_title_background_color":"","ocean_post_title_background":102,"ocean_post_title_bg_image_position":"","ocean_post_title_bg_image_attachment":"","ocean_post_title_bg_image_repeat":"","ocean_post_title_bg_image_size":"","ocean_post_title_height":0,"ocean_post_title_bg_overlay":0.5,"ocean_post_title_bg_overlay_color":"","ocean_disable_breadcrumbs":"default","ocean_breadcrumbs_color":"","ocean_breadcrumbs_separator_color":"","ocean_breadcrumbs_links_color":"","ocean_breadcrumbs_links_hover_color":"","ocean_display_footer_widgets":"default","ocean_display_footer_bottom":"default","ocean_custom_footer_template":"0","footnotes":""},"class_list":["post-266","page","type-page","status-publish","has-post-thumbnail","hentry","entry","has-media"],"yoast_head":"<!-- This site is optimized with the Yoast SEO plugin v27.2 - https:\/\/yoast.com\/product\/yoast-seo-wordpress\/ -->\n<title>Aub\u00e9pine | Micro-restaurant locavore | Sains-du-Nord | Avesnois<\/title>\n<meta name=\"description\" content=\"Micro-restaurant ouvert \u00e0 tous \u00e0 Sains du Nord dans l&#039;Avesnois : bistronomique, locavore, fait maison \u00e0 proximit\u00e9 de Liessies, Val Joly, Fourmies et Avesnes\" \/>\n<meta name=\"robots\" content=\"index, follow, max-snippet:-1, max-image-preview:large, max-video-preview:-1\" \/>\n<link rel=\"canonical\" href=\"https:\/\/www.maison-aubepine.fr\/index.php\/concept-valeurs\/\" \/>\n<meta property=\"og:locale\" content=\"fr_FR\" \/>\n<meta property=\"og:type\" content=\"article\" \/>\n<meta property=\"og:title\" content=\"Aub\u00e9pine | Micro-restaurant locavore | Sains-du-Nord | Avesnois\" \/>\n<meta property=\"og:description\" content=\"Micro-restaurant ouvert \u00e0 tous \u00e0 Sains du Nord dans l&#039;Avesnois : bistronomique, locavore, fait maison \u00e0 proximit\u00e9 de Liessies, Val Joly, Fourmies et Avesnes\" \/>\n<meta property=\"og:url\" content=\"https:\/\/www.maison-aubepine.fr\/index.php\/concept-valeurs\/\" \/>\n<meta property=\"og:site_name\" content=\"Aub\u00e9pine\" \/>\n<meta property=\"article:publisher\" content=\"https:\/\/www.facebook.com\/maisonaubepine\/\" \/>\n<meta property=\"article:modified_time\" content=\"2020-12-15T18:02:52+00:00\" \/>\n<meta property=\"og:image\" content=\"https:\/\/www.maison-aubepine.fr\/wp-content\/uploads\/2020\/02\/photo4.jpeg.jpg\" \/>\n\t<meta property=\"og:image:width\" content=\"1600\" \/>\n\t<meta property=\"og:image:height\" content=\"1067\" \/>\n\t<meta property=\"og:image:type\" content=\"image\/jpeg\" \/>\n<meta name=\"twitter:card\" content=\"summary_large_image\" \/>\n<meta name=\"twitter:label1\" content=\"Dur\u00e9e de lecture estim\u00e9e\" \/>\n\t<meta name=\"twitter:data1\" content=\"1 minute\" \/>\n<script type=\"application\/ld+json\" class=\"yoast-schema-graph\">{\"@context\":\"https:\/\/schema.org\",\"@graph\":[{\"@type\":\"WebPage\",\"@id\":\"https:\/\/www.maison-aubepine.fr\/index.php\/concept-valeurs\/\",\"url\":\"https:\/\/www.maison-aubepine.fr\/index.php\/concept-valeurs\/\",\"name\":\"Aub\u00e9pine | Micro-restaurant locavore | Sains-du-Nord | Avesnois\",\"isPartOf\":{\"@id\":\"https:\/\/www.maison-aubepine.fr\/#website\"},\"primaryImageOfPage\":{\"@id\":\"https:\/\/www.maison-aubepine.fr\/index.php\/concept-valeurs\/#primaryimage\"},\"image\":{\"@id\":\"https:\/\/www.maison-aubepine.fr\/index.php\/concept-valeurs\/#primaryimage\"},\"thumbnailUrl\":\"https:\/\/www.maison-aubepine.fr\/wp-content\/uploads\/2020\/02\/photo4.jpeg.jpg\",\"datePublished\":\"2020-03-05T15:09:54+00:00\",\"dateModified\":\"2020-12-15T18:02:52+00:00\",\"description\":\"Micro-restaurant ouvert \u00e0 tous \u00e0 Sains du Nord dans l'Avesnois : bistronomique, locavore, fait maison \u00e0 proximit\u00e9 de Liessies, Val Joly, Fourmies et Avesnes\",\"breadcrumb\":{\"@id\":\"https:\/\/www.maison-aubepine.fr\/index.php\/concept-valeurs\/#breadcrumb\"},\"inLanguage\":\"fr-FR\",\"potentialAction\":[{\"@type\":\"ReadAction\",\"target\":[\"https:\/\/www.maison-aubepine.fr\/index.php\/concept-valeurs\/\"]}]},{\"@type\":\"ImageObject\",\"inLanguage\":\"fr-FR\",\"@id\":\"https:\/\/www.maison-aubepine.fr\/index.php\/concept-valeurs\/#primaryimage\",\"url\":\"https:\/\/www.maison-aubepine.fr\/wp-content\/uploads\/2020\/02\/photo4.jpeg.jpg\",\"contentUrl\":\"https:\/\/www.maison-aubepine.fr\/wp-content\/uploads\/2020\/02\/photo4.jpeg.jpg\",\"width\":1600,\"height\":1067,\"caption\":\"Table du restaurant\"},{\"@type\":\"BreadcrumbList\",\"@id\":\"https:\/\/www.maison-aubepine.fr\/index.php\/concept-valeurs\/#breadcrumb\",\"itemListElement\":[{\"@type\":\"ListItem\",\"position\":1,\"name\":\"Accueil\",\"item\":\"https:\/\/www.maison-aubepine.fr\/\"},{\"@type\":\"ListItem\",\"position\":2,\"name\":\"Concept et valeurs\"}]},{\"@type\":\"WebSite\",\"@id\":\"https:\/\/www.maison-aubepine.fr\/#website\",\"url\":\"https:\/\/www.maison-aubepine.fr\/\",\"name\":\"Aub\u00e9pine - Maison d'h\u00f4tes et Micro-restaurant\",\"description\":\"Maison h\u00f4tes | Sains du Nord\",\"publisher\":{\"@id\":\"https:\/\/www.maison-aubepine.fr\/#organization\"},\"potentialAction\":[{\"@type\":\"SearchAction\",\"target\":{\"@type\":\"EntryPoint\",\"urlTemplate\":\"https:\/\/www.maison-aubepine.fr\/?s={search_term_string}\"},\"query-input\":{\"@type\":\"PropertyValueSpecification\",\"valueRequired\":true,\"valueName\":\"search_term_string\"}}],\"inLanguage\":\"fr-FR\"},{\"@type\":\"Organization\",\"@id\":\"https:\/\/www.maison-aubepine.fr\/#organization\",\"name\":\"Aub\u00e9pine\",\"url\":\"https:\/\/www.maison-aubepine.fr\/\",\"logo\":{\"@type\":\"ImageObject\",\"inLanguage\":\"fr-FR\",\"@id\":\"https:\/\/www.maison-aubepine.fr\/#\/schema\/logo\/image\/\",\"url\":\"https:\/\/www.maison-aubepine.fr\/wp-content\/uploads\/2020\/01\/LIVRAISON-CARTE-DE-VISITE-ss-marge-02.jpg\",\"contentUrl\":\"https:\/\/www.maison-aubepine.fr\/wp-content\/uploads\/2020\/01\/LIVRAISON-CARTE-DE-VISITE-ss-marge-02.jpg\",\"width\":1004,\"height\":650,\"caption\":\"Aub\u00e9pine\"},\"image\":{\"@id\":\"https:\/\/www.maison-aubepine.fr\/#\/schema\/logo\/image\/\"},\"sameAs\":[\"https:\/\/www.facebook.com\/maisonaubepine\/\",\"https:\/\/www.instagram.com\/maison_aubepine\/\",\"https:\/\/fr.linkedin.com\/in\/simon-thieffry\"]}]}<\/script>\n<!-- \/ Yoast SEO plugin. -->","yoast_head_json":{"title":"Aub\u00e9pine | Micro-restaurant locavore | Sains-du-Nord | Avesnois","description":"Micro-restaurant ouvert \u00e0 tous \u00e0 Sains du Nord dans l'Avesnois : bistronomique, locavore, fait maison \u00e0 proximit\u00e9 de Liessies, Val Joly, Fourmies et Avesnes","robots":{"index":"index","follow":"follow","max-snippet":"max-snippet:-1","max-image-preview":"max-image-preview:large","max-video-preview":"max-video-preview:-1"},"canonical":"https:\/\/www.maison-aubepine.fr\/index.php\/concept-valeurs\/","og_locale":"fr_FR","og_type":"article","og_title":"Aub\u00e9pine | Micro-restaurant locavore | Sains-du-Nord | Avesnois","og_description":"Micro-restaurant ouvert \u00e0 tous \u00e0 Sains du Nord dans l'Avesnois : bistronomique, locavore, fait maison \u00e0 proximit\u00e9 de Liessies, Val Joly, Fourmies et Avesnes","og_url":"https:\/\/www.maison-aubepine.fr\/index.php\/concept-valeurs\/","og_site_name":"Aub\u00e9pine","article_publisher":"https:\/\/www.facebook.com\/maisonaubepine\/","article_modified_time":"2020-12-15T18:02:52+00:00","og_image":[{"width":1600,"height":1067,"url":"https:\/\/www.maison-aubepine.fr\/wp-content\/uploads\/2020\/02\/photo4.jpeg.jpg","type":"image\/jpeg"}],"twitter_card":"summary_large_image","twitter_misc":{"Dur\u00e9e de lecture estim\u00e9e":"1 minute"},"schema":{"@context":"https:\/\/schema.org","@graph":[{"@type":"WebPage","@id":"https:\/\/www.maison-aubepine.fr\/index.php\/concept-valeurs\/","url":"https:\/\/www.maison-aubepine.fr\/index.php\/concept-valeurs\/","name":"Aub\u00e9pine | Micro-restaurant locavore | Sains-du-Nord | Avesnois","isPartOf":{"@id":"https:\/\/www.maison-aubepine.fr\/#website"},"primaryImageOfPage":{"@id":"https:\/\/www.maison-aubepine.fr\/index.php\/concept-valeurs\/#primaryimage"},"image":{"@id":"https:\/\/www.maison-aubepine.fr\/index.php\/concept-valeurs\/#primaryimage"},"thumbnailUrl":"https:\/\/www.maison-aubepine.fr\/wp-content\/uploads\/2020\/02\/photo4.jpeg.jpg","datePublished":"2020-03-05T15:09:54+00:00","dateModified":"2020-12-15T18:02:52+00:00","description":"Micro-restaurant ouvert \u00e0 tous \u00e0 Sains du Nord dans l'Avesnois : bistronomique, locavore, fait maison \u00e0 proximit\u00e9 de Liessies, Val Joly, Fourmies et Avesnes","breadcrumb":{"@id":"https:\/\/www.maison-aubepine.fr\/index.php\/concept-valeurs\/#breadcrumb"},"inLanguage":"fr-FR","potentialAction":[{"@type":"ReadAction","target":["https:\/\/www.maison-aubepine.fr\/index.php\/concept-valeurs\/"]}]},{"@type":"ImageObject","inLanguage":"fr-FR","@id":"https:\/\/www.maison-aubepine.fr\/index.php\/concept-valeurs\/#primaryimage","url":"https:\/\/www.maison-aubepine.fr\/wp-content\/uploads\/2020\/02\/photo4.jpeg.jpg","contentUrl":"https:\/\/www.maison-aubepine.fr\/wp-content\/uploads\/2020\/02\/photo4.jpeg.jpg","width":1600,"height":1067,"caption":"Table du restaurant"},{"@type":"BreadcrumbList","@id":"https:\/\/www.maison-aubepine.fr\/index.php\/concept-valeurs\/#breadcrumb","itemListElement":[{"@type":"ListItem","position":1,"name":"Accueil","item":"https:\/\/www.maison-aubepine.fr\/"},{"@type":"ListItem","position":2,"name":"Concept et valeurs"}]},{"@type":"WebSite","@id":"https:\/\/www.maison-aubepine.fr\/#website","url":"https:\/\/www.maison-aubepine.fr\/","name":"Aub\u00e9pine - Maison d'h\u00f4tes et Micro-restaurant","description":"Maison h\u00f4tes | Sains du Nord","publisher":{"@id":"https:\/\/www.maison-aubepine.fr\/#organization"},"potentialAction":[{"@type":"SearchAction","target":{"@type":"EntryPoint","urlTemplate":"https:\/\/www.maison-aubepine.fr\/?s={search_term_string}"},"query-input":{"@type":"PropertyValueSpecification","valueRequired":true,"valueName":"search_term_string"}}],"inLanguage":"fr-FR"},{"@type":"Organization","@id":"https:\/\/www.maison-aubepine.fr\/#organization","name":"Aub\u00e9pine","url":"https:\/\/www.maison-aubepine.fr\/","logo":{"@type":"ImageObject","inLanguage":"fr-FR","@id":"https:\/\/www.maison-aubepine.fr\/#\/schema\/logo\/image\/","url":"https:\/\/www.maison-aubepine.fr\/wp-content\/uploads\/2020\/01\/LIVRAISON-CARTE-DE-VISITE-ss-marge-02.jpg","contentUrl":"https:\/\/www.maison-aubepine.fr\/wp-content\/uploads\/2020\/01\/LIVRAISON-CARTE-DE-VISITE-ss-marge-02.jpg","width":1004,"height":650,"caption":"Aub\u00e9pine"},"image":{"@id":"https:\/\/www.maison-aubepine.fr\/#\/schema\/logo\/image\/"},"sameAs":["https:\/\/www.facebook.com\/maisonaubepine\/","https:\/\/www.instagram.com\/maison_aubepine\/","https:\/\/fr.linkedin.com\/in\/simon-thieffry"]}]}},"_links":{"self":[{"href":"https:\/\/www.maison-aubepine.fr\/index.php\/wp-json\/wp\/v2\/pages\/266","targetHints":{"allow":["GET"]}}],"collection":[{"href":"https:\/\/www.maison-aubepine.fr\/index.php\/wp-json\/wp\/v2\/pages"}],"about":[{"href":"https:\/\/www.maison-aubepine.fr\/index.php\/wp-json\/wp\/v2\/types\/page"}],"author":[{"embeddable":true,"href":"https:\/\/www.maison-aubepine.fr\/index.php\/wp-json\/wp\/v2\/users\/1"}],"replies":[{"embeddable":true,"href":"https:\/\/www.maison-aubepine.fr\/index.php\/wp-json\/wp\/v2\/comments?post=266"}],"version-history":[{"count":28,"href":"https:\/\/www.maison-aubepine.fr\/index.php\/wp-json\/wp\/v2\/pages\/266\/revisions"}],"predecessor-version":[{"id":1179,"href":"https:\/\/www.maison-aubepine.fr\/index.php\/wp-json\/wp\/v2\/pages\/266\/revisions\/1179"}],"wp:featuredmedia":[{"embeddable":true,"href":"https:\/\/www.maison-aubepine.fr\/index.php\/wp-json\/wp\/v2\/media\/192"}],"wp:attachment":[{"href":"https:\/\/www.maison-aubepine.fr\/index.php\/wp-json\/wp\/v2\/media?parent=266"}],"curies":[{"name":"wp","href":"https:\/\/api.w.org\/{rel}","templated":true}]}}